{"id":36,"date":"2026-08-31T08:58:27","date_gmt":"2026-08-31T08:58:27","guid":{"rendered":"https:\/\/terapeuttrine.dk\/?page_id=36"},"modified":"2026-08-31T15:26:35","modified_gmt":"2026-08-31T15:26:35","slug":"forside","status":"publish","type":"page","link":"https:\/\/terapeuttrine.dk\/","title":{"rendered":"Forside"},"content":{"rendered":"\n<div class=\"wp-block-cover\"><img loading=\"lazy\" decoding=\"async\" width=\"768\" height=\"1024\" class=\"wp-block-cover__image-background wp-image-50 size-large\" alt=\"\" src=\"https:\/\/terapeuttrine.dk\/wp-content\/uploads\/2026\/08\/praksisfoto-768x1024.png\" data-object-fit=\"cover\" srcset=\"https:\/\/terapeuttrine.dk\/wp-content\/uploads\/2026\/08\/praksisfoto-768x1024.png 768w, https:\/\/terapeuttrine.dk\/wp-content\/uploads\/2026\/08\/praksisfoto-225x300.png 225w, https:\/\/terapeuttrine.dk\/wp-content\/uploads\/2026\/08\/praksisfoto.png 1086w\" sizes=\"auto, (max-width: 768px) 100vw, 768px\" \/><span aria-hidden=\"true\" class=\"wp-block-cover__background has-background-dim\" style=\"background-color:#786456\"><\/span><div class=\"wp-block-cover__inner-container has-global-padding is-layout-constrained wp-block-cover-is-layout-constrained\">\n<p class=\"has-text-align-center has-large-font-size wp-block-paragraph\"><\/p>\n\n\n\n<div class=\"wp-block-columns is-layout-flex wp-container-core-columns-is-layout-794e3cfa wp-block-columns-is-layout-flex\">\n<div class=\"wp-block-column is-layout-flow wp-block-column-is-layout-flow\">\n<h3 class=\"wp-block-heading has-text-align-center\"><strong>Psykoterapi \u00b7 Individuel terapi \u00b7 Parterapi<\/strong><br><strong>\u2026.Du er ikke alene.<\/strong><\/h3>\n\n\n\n<div style=\"height:49px\" aria-hidden=\"true\" class=\"wp-block-spacer\"><\/div>\n\n\n\n<div class=\"wp-block-buttons is-content-justification-center is-layout-flex wp-container-core-buttons-is-layout-35f06ea7 wp-block-buttons-is-layout-flex\">\n<div class=\"wp-block-button\"><a class=\"wp-block-button__link wp-element-button\">Bestil tid<\/a><\/div>\n<\/div>\n<\/div>\n<\/div>\n<\/div><\/div>\n\n\n\n<div class=\"wp-block-group has-contrast-color has-text-color has-link-color wp-elements-1 is-layout-flow wp-container-core-group-is-layout-58e2ea8f wp-block-group-is-layout-flow\" style=\"padding-top:var(--wp--preset--spacing--30);padding-right:var(--wp--preset--spacing--80);padding-bottom:var(--wp--preset--spacing--30);padding-left:var(--wp--preset--spacing--80)\">\n<div class=\"wp-block-columns is-layout-flex wp-container-core-columns-is-layout-e206eb13 wp-block-columns-is-layout-flex\" style=\"margin-top:0;margin-bottom:0\">\n<div class=\"wp-block-column is-layout-flow wp-block-column-is-layout-flow\" style=\"flex-basis:50%\">\n<h2 class=\"wp-block-heading\">Kan du genkende..?<\/h2>\n<\/div>\n\n\n\n<div class=\"wp-block-column is-layout-flow wp-block-column-is-layout-flow\">\n<ul class=\"wp-block-list\">\n<li><strong>H\u00e6nger din hverdag ikke helt sammen med det, du \u00f8nsker<br>livet skal v\u00e6re?<br><br><\/strong><\/li>\n\n\n\n<li><strong>Har du f\u00f8lelsen af at du egentlig burde have det godt,<br>men alligevel m\u00e6rker\u2026 at det har du ikke?<br><br><\/strong><\/li>\n\n\n\n<li><strong>F\u00f8ler du dig udbr\u00e6ndt, stresset og fyldt op af mental load?<br><br><\/strong><\/li>\n\n\n\n<li><strong>F\u00f8ler du, at noget er forsvundet fra jeres parforhold,<br>og ved du ikke helt, hvordan I finder det igen??<br><br><\/strong><\/li>\n\n\n\n<li><strong>Er du p\u00e5r\u00f8rende til et menneske med handicap,<br>og er det sv\u00e6rt at finde din egen plads i det hele?<\/strong><\/li>\n<\/ul>\n<\/div>\n<\/div>\n<\/div>\n\n\n\n<div class=\"wp-block-group is-style-section-3 is-layout-flow wp-block-group-is-layout-flow is-style-section-3--1\">\n<div class=\"wp-block-columns is-layout-flex wp-container-core-columns-is-layout-d71c13b3 wp-block-columns-is-layout-flex\" style=\"padding-top:var(--wp--preset--spacing--50);padding-right:var(--wp--preset--spacing--80);padding-bottom:var(--wp--preset--spacing--50);padding-left:var(--wp--preset--spacing--80)\">\n<div class=\"wp-block-column is-layout-flow wp-block-column-is-layout-flow\">\n<h2 class=\"wp-block-heading\">Hvem er jeg?<\/h2>\n\n\n\n<p class=\"wp-block-paragraph\">Jeg er uddannet p\u00e6dagog og har gennem 22 \u00e5r arbejdet inden for handicapomr\u00e5det \u2013 f\u00f8rst med b\u00f8rn og unge og<br>senere med voksne med senhjerneskade.<\/p>\n\n\n\n<p class=\"wp-block-paragraph\">I dag bygger jeg oven p\u00e5 mine mange \u00e5rs erfaring med mennesker, familier og relationer med min psykoterapeutuddannelse p\u00e5 Blackbird Institute.<\/p>\n\n\n\n<p class=\"wp-block-paragraph\">Der er altid grunde til, at vi mennesker g\u00f8r, som vi g\u00f8r. Det kan bare v\u00e6re s\u00e5 sv\u00e6rt selv at f\u00e5 \u00f8je p\u00e5 dem \u2013 og dermed ogs\u00e5 sv\u00e6rt at arbejde med og forandre. Det er heller ikke sikkert noget skal forandres, men m\u00e5ske kan vi f\u00e5 et andet blik p\u00e5 os selv og hinanden. Der er en spr\u00e6kke ind til det, der sker p\u00e5 vores inderside. N\u00e5r vi f\u00e5r \u00f8je p\u00e5 det, der sker i os, kan vi begynde at forst\u00e5 os selv og hinanden p\u00e5 en anden m\u00e5de.<\/p>\n\n\n\n<p class=\"wp-block-paragraph\">Det er sj\u00e6ldent nemme skridt at tage p\u00e5 vej ind af d\u00f8ren til terapi, men Til tider er det mest omsorgsfulde, vi kan g\u00f8re for os selv og vores n\u00e6rmeste, at s\u00f8ge hj\u00e6lp til at h\u00e5ndtere de udfordringer, der er blevet for tunge at b\u00e6re alene.<\/p>\n<\/div>\n\n\n\n<div class=\"wp-block-column is-vertically-aligned-center is-layout-flow wp-block-column-is-layout-flow\">\n<figure class=\"wp-block-image aligncenter size-full\"><img loading=\"lazy\" decoding=\"async\" width=\"413\" height=\"516\" src=\"https:\/\/terapeuttrine.dk\/wp-content\/uploads\/2026\/08\/Foto-af-Trine.png\" alt=\"\" class=\"wp-image-66\" srcset=\"https:\/\/terapeuttrine.dk\/wp-content\/uploads\/2026\/08\/Foto-af-Trine.png 413w, https:\/\/terapeuttrine.dk\/wp-content\/uploads\/2026\/08\/Foto-af-Trine-240x300.png 240w\" sizes=\"auto, (max-width: 413px) 100vw, 413px\" \/><\/figure>\n\n\n\n<h4 class=\"wp-block-heading has-text-align-right\">Trine M\u00f8ller Olsen, psykoterapeut<\/h4>\n<\/div>\n<\/div>\n<\/div>\n\n\n\n<div class=\"wp-block-group is-layout-flow wp-container-core-group-is-layout-15cce31f wp-block-group-is-layout-flow\" style=\"margin-top:var(--wp--preset--spacing--20);margin-bottom:var(--wp--preset--spacing--20);padding-top:var(--wp--preset--spacing--50);padding-right:var(--wp--preset--spacing--80);padding-bottom:var(--wp--preset--spacing--50);padding-left:var(--wp--preset--spacing--80)\">\n<div class=\"wp-block-columns is-layout-flex wp-container-core-columns-is-layout-794e3cfa wp-block-columns-is-layout-flex\">\n<div class=\"wp-block-column is-layout-flow wp-block-column-is-layout-flow\">\n<figure class=\"wp-block-image aligncenter size-full is-resized\"><img loading=\"lazy\" decoding=\"async\" width=\"120\" height=\"221\" src=\"https:\/\/terapeuttrine.dk\/wp-content\/uploads\/2026\/08\/Group-3.png\" alt=\"\" class=\"wp-image-63\" style=\"width:32px;height:auto\"\/><\/figure>\n\n\n\n<h2 class=\"wp-block-heading is-style-default\">Individuel terapi<\/h2>\n\n\n\n<p class=\"wp-block-paragraph\"><em>Nogle gange mister vi <strong>forbindelsen til os selv<\/strong> her i livet. Det kan f\u00f8les som uro, fastl\u00e5sthed, sorg, angst eller stress.<br>Du har <strong>mistet overblikket<\/strong>, og den ene dag tager bare den anden.<\/em><\/p>\n\n\n\n<p class=\"wp-block-paragraph\"><em>M\u00e5ske er det kun i glimt, n\u00e5r der bliver stille, at du m\u00e6rker, at noget skurrer. Du kan m\u00e6rke, at <strong>noget er anderledes, end du \u00f8nsker det skal v\u00e6re<\/strong> \u2013 men ved ikke helt, hvor du skal starte.<\/em><\/p>\n\n\n\n<p class=\"wp-block-paragraph\"><em>Vores hverdag fylder en stor del af vores liv. Derfor handler det ikke kun om at finde ud af, <strong>hvad vi l\u00e6nges efter<\/strong>, men ogs\u00e5 om at unders\u00f8ge, om den m\u00e5de, vi lever vores hverdag p\u00e5, h\u00e6nger sammen med <strong>det, der er vigtigt for os, og det liv, vi gerne vil leve.<\/strong><\/em><strong><\/strong><\/p>\n\n\n\n<p class=\"wp-block-paragraph\"><em>Vi unders\u00f8ger sammen, hvad der sker i dig, hvad du l\u00e6nges efter, og <strong>hvordan d\u00e9t kan f\u00e5 en plads i dit liv<\/strong>.<\/em><\/p>\n<\/div>\n\n\n\n<div class=\"wp-block-column is-layout-flow wp-block-column-is-layout-flow\">\n<figure class=\"wp-block-image aligncenter size-full is-resized\"><img loading=\"lazy\" decoding=\"async\" width=\"169\" height=\"282\" src=\"https:\/\/terapeuttrine.dk\/wp-content\/uploads\/2026\/08\/Group-2.png\" alt=\"\" class=\"wp-image-64\" style=\"aspect-ratio:0.5993561603745976;width:57px;height:auto\"\/><\/figure>\n\n\n\n<h2 class=\"wp-block-heading is-style-default\">Parterapi<\/h2>\n\n\n\n<p class=\"wp-block-paragraph\"><strong><em>Ender I igen og igen i de samme konflikter, eller er I havnet et sted, hvor I har trukket jer mere fra hinanden, end I har lyst til? Har I sv\u00e6rt ved at finde hinanden, selvom I egentlig gerne vil?<\/em><\/strong><\/p>\n\n\n\n<p class=\"wp-block-paragraph\"><em>I samtalerne ser vi p\u00e5 <strong>det, I hver is\u00e6r l\u00e6nges efter<\/strong>, og p\u00e5 det, der sker mellem jer. Vi unders\u00f8ger de m\u00f8nstre, I havner i, og hvad der kan v\u00e6re med til at <strong>skabe mere kontakt og forst\u00e5else mellem jer<\/strong>.<\/em><\/p>\n\n\n\n<p class=\"wp-block-paragraph\"><em>Det er ikke altid, at begge parter er klar til at s\u00f8ge hj\u00e6lp p\u00e5 samme tid. Nogle gange er det den ene, der f\u00f8rst m\u00e6rker behovet for, at noget skal v\u00e6re anderledes, eller som har mest lyst til at g\u00f8re noget ved det. <strong>Hvis din partner ikke er klar til at v\u00e6re med, kan du sagtens starte alene<\/strong>. Det kan v\u00e6re en rigtig fin m\u00e5de at begynde at unders\u00f8ge, hvad der sker i jeres relation, og hvad du selv har brug for.<\/em><\/p>\n<\/div>\n\n\n\n<div class=\"wp-block-column is-layout-flow wp-block-column-is-layout-flow\">\n<figure class=\"wp-block-image aligncenter size-full is-resized\"><img loading=\"lazy\" decoding=\"async\" width=\"353\" height=\"263\" src=\"https:\/\/terapeuttrine.dk\/wp-content\/uploads\/2026\/08\/Group-1.png\" alt=\"\" class=\"wp-image-65\" style=\"aspect-ratio:1.3429508196721311;width:99px;height:auto\" srcset=\"https:\/\/terapeuttrine.dk\/wp-content\/uploads\/2026\/08\/Group-1.png 353w, https:\/\/terapeuttrine.dk\/wp-content\/uploads\/2026\/08\/Group-1-300x224.png 300w\" sizes=\"auto, (max-width: 353px) 100vw, 353px\" \/><\/figure>\n\n\n\n<h2 class=\"wp-block-heading is-style-default\">P\u00e5r\u00f8rende &amp; familier<\/h2>\n\n\n\n<p class=\"wp-block-paragraph\"><em>N\u00e5r et menneske oplever en hjerneskade senere i livet, eller n\u00e5r et menneske i familien lever med et handicap, p\u00e5virker det hele familien og jeres roller i familien.<\/em><\/p>\n\n\n\n<p class=\"wp-block-paragraph\"><em>Der vil v\u00e6re tab og sorg, men ogs\u00e5 erkendelse og accept. Og vi bearbejder det forskelligt. <strong>I en familie er man ikke n\u00f8dvendigvis samme sted i processen p\u00e5 samme tid.<\/strong><\/em><\/p>\n\n\n\n<p class=\"wp-block-paragraph\"><em>Hvad enten du selv lever med en hjerneskade eller et handicap, eller du er p\u00e5r\u00f8rende, st\u00e5r du med en hverdag, der ikke l\u00e6ngere ligner det liv, du kendte \u2013 og med en virkelighed, som kan v\u00e6re sv\u00e6r for andre at forst\u00e5. <strong>Det kan v\u00e6re ensomt at st\u00e5 med noget, som andre ikke helt kan se eller forst\u00e5.<\/strong><\/em><\/p>\n\n\n\n<p class=\"wp-block-paragraph\"><strong><em>D\u00e9t er en h\u00e5rd cocktail.<\/em><\/strong><em><\/em><\/p>\n\n\n\n<p class=\"wp-block-paragraph\"><em>Og midt i alt det, der skal h\u00e5ndteres og h\u00e6nge sammen, kan du let komme til at glemme dig selv. <strong>Du er ikke kun den, der er ramt, eller den, der er p\u00e5r\u00f8rende. Du er ogs\u00e5 et menneske med dine egne behov, f\u00f8lelser og l\u00e6ngsler.<\/strong><\/em><\/p>\n\n\n\n<p class=\"wp-block-paragraph\"><em>I samtalerne kan vi sammen unders\u00f8ge, hvordan det hele p\u00e5virker dig, dine relationer og din plads i familien \u2013 og hvordan du kan finde en m\u00e5de at v\u00e6re i det p\u00e5, som ogs\u00e5 tager dig med.<\/em><\/p>\n<\/div>\n<\/div>\n<\/div>\n\n\n\n<div class=\"wp-block-group is-style-section-2 has-global-padding is-layout-constrained wp-block-group-is-layout-constrained is-style-section-2--2\">\n<div class=\"wp-block-columns is-layout-flex wp-container-core-columns-is-layout-794e3cfa wp-block-columns-is-layout-flex\">\n<div class=\"wp-block-column is-layout-flow wp-block-column-is-layout-flow\"><\/div>\n<\/div>\n<\/div>\n","protected":false},"excerpt":{"rendered":"<p>Kan du genkende..? Hvem er jeg? Jeg er uddannet p\u00e6dagog og har gennem 22 \u00e5r arbejdet inden for handicapomr\u00e5det \u2013 f\u00f8rst med b\u00f8rn og unge ogsenere med voksne med senhjerneskade. I dag bygger jeg oven p\u00e5 mine mange \u00e5rs erfaring med mennesker, familier og relationer med min psykoterapeutuddannelse p\u00e5 Blackbird Institute. Der er altid grunde [&hellip;]<\/p>\n","protected":false},"author":1,"featured_media":0,"parent":0,"menu_order":0,"comment_status":"closed","ping_status":"closed","template":"","meta":{"footnotes":""},"class_list":["post-36","page","type-page","status-publish","hentry"],"_links":{"self":[{"href":"https:\/\/terapeuttrine.dk\/index.php?rest_route=\/wp\/v2\/pages\/36","targetHints":{"allow":["GET"]}}],"collection":[{"href":"https:\/\/terapeuttrine.dk\/index.php?rest_route=\/wp\/v2\/pages"}],"about":[{"href":"https:\/\/terapeuttrine.dk\/index.php?rest_route=\/wp\/v2\/types\/page"}],"author":[{"embeddable":true,"href":"https:\/\/terapeuttrine.dk\/index.php?rest_route=\/wp\/v2\/users\/1"}],"replies":[{"embeddable":true,"href":"https:\/\/terapeuttrine.dk\/index.php?rest_route=%2Fwp%2Fv2%2Fcomments&post=36"}],"version-history":[{"count":14,"href":"https:\/\/terapeuttrine.dk\/index.php?rest_route=\/wp\/v2\/pages\/36\/revisions"}],"predecessor-version":[{"id":75,"href":"https:\/\/terapeuttrine.dk\/index.php?rest_route=\/wp\/v2\/pages\/36\/revisions\/75"}],"wp:attachment":[{"href":"https:\/\/terapeuttrine.dk\/index.php?rest_route=%2Fwp%2Fv2%2Fmedia&parent=36"}],"curies":[{"name":"wp","href":"https:\/\/api.w.org\/{rel}","templated":true}]}}